{"id":3672,"date":"2025-10-31T14:50:06","date_gmt":"2025-10-31T17:50:06","guid":{"rendered":"https:\/\/ifd13-nqn.infd.edu.ar\/sitio\/?page_id=3672"},"modified":"2025-10-31T15:08:54","modified_gmt":"2025-10-31T18:08:54","slug":"investigacion-2","status":"publish","type":"page","link":"https:\/\/ifd13-nqn.infd.edu.ar\/sitio\/investigacion-2\/","title":{"rendered":"Secretar\u00eda de Investigaci\u00f3n"},"content":{"rendered":"\n<style>\n\n.full-width-degrade-wrapper {\n    background: linear-gradient(to bottom, #004080, #368551);\n    padding: 60px 20px;\n    color: #ffffff;\n    font-family: Arial, sans-serif;\n    box-sizing: border-box;\n\n    width: 100vw !important;\n    margin-left: calc(50% - 50vw) !important;\n    margin-right: 0 !important;\n    margin-top: 0 !important;\n    margin-bottom: 0 !important;\n}\n\n.pesi-container {\n    margin: 0 auto; \n    max-width: 900px; \n    padding: 0; \n}\n\n.pesi-main-title {\n    font-size: clamp(2.5em, 6vw, 4.5em);\n    font-weight: bold;\n    margin-bottom: 40px;\n    text-shadow: 2px 2px 5px rgba(0, 0, 0, 0.5);\n    text-align: center;\n    line-height: 1.1;\n    color: #ffffff; \n}\n\n.pesi-content-area {\n    background-color: #ffffff; \n    padding: 30px;\n    border-radius: 8px;\n    box-shadow: 0 4px 15px rgba(0, 0, 0, 0.1); \n    color: #333333; \n}\n\n.info-text-dark {\n    color: #333333;\n    line-height: 1.6;\n    margin-bottom: 30px;\n    font-size: 1.1em;\n    text-align: justify; \/* Texto justificado *\/\n}\n\n\/* Lista de funciones *\/\n.info-text-dark ul {\n    list-style: disc;\n    margin-left: 20px;\n    padding-left: 0;\n}\n\n.info-text-dark li {\n    margin-bottom: 8px;\n    text-align: justify;\n}\n\n.title-block-blue {\n    background-color: #004080;\n    color: white;\n    padding: 15px 15px;\n    text-align: center;\n    font-size: clamp(1.5em, 3vw, 2em);\n    font-weight: bold;\n    border-radius: 5px;\n    line-height: 1.3;\n    margin: 30px 0 20px 0; \n}\n\n.horario-semanal {\n    width: 100%;\n    max-width: 900px;\n    margin: 20px auto;\n    border-collapse: collapse;\n    box-shadow: 0 4px 10px rgba(0,0,0,0.1);\n    background: #fff;\n    border-radius: 8px;\n    overflow: hidden;\n    color: #333;\n    font-family: Arial, sans-serif;\n}\n\n.horario-semanal thead {\n    background: #f2f2f2;\n    color: #333;\n}\n\n.horario-semanal th,\n.horario-semanal td {\n    text-align: center;\n    padding: 12px;\n    font-size: 15px;\n    border-bottom: 1px solid #ddd;\n}\n\n.horario-semanal th {\n    font-weight: bold;\n}\n\n.horario-semanal tr:nth-child(even) {\n    background: #f9f9f9;\n}\n\n\/* Responsividad de la tabla *\/\n@media (max-width: 768px) {\n    .horario-semanal th,\n    .horario-semanal td {\n        font-size: 13px;\n        padding: 8px;\n    }\n}\n@media (max-width: 480px) {\n    .horario-semanal th,\n    .horario-semanal td {\n        display: block;\n        width: 100%;\n        text-align: left;\n    }\n    .horario-semanal tr {\n        margin-bottom: 15px;\n        display: block;\n        border-bottom: 2px solid #ddd;\n    }\n    .horario-semanal thead {\n        display: none; \n    }\n}\n\n.document-grid {\n    display: flex;\n    flex-wrap: wrap;\n    justify-content: center;\n    gap: 40px;\n    margin: 30px 0;\n    text-align: center;\n}\n\n.document-item {\n    width: 150px;\n}\n\n.document-item img {\n    width: 100px;\n    height: auto;\n    transition: transform 0.2s;\n}\n\n.document-item img:hover {\n    transform: scale(1.1);\n}\n\n.document-item a {\n    text-decoration: none;\n    color: #004080; \n    font-weight: bold;\n    font-size: 14px;\n    display: block;\n    margin-top: 8px;\n    line-height: 1.3;\n}\n\n.document-item a:hover {\n    color: #368551;\n}\n<\/style>\n<html>\n<div class=\"full-width-degrade-wrapper\">\n    <div class=\"pesi-container\"> \n        <div class=\"pesi-main-title\">\n            Secretar\u00eda de Investigaci\u00f3n\n        <\/div>\n        \n        <div class=\"pesi-content-area\">\n        \n            <p class=\"info-text-dark\">\n                La Secretar\u00eda de Investigaci\u00f3n es responsable de la coordinaci\u00f3n de la tarea acad\u00e9mica de investigaci\u00f3n, contextualizada en la formaci\u00f3n docente y es parte integrante del Consejo Acad\u00e9mico.\n            <\/p>\n            <p class=\"info-text-dark\">\n                Son funciones de la Secretar\u00eda de Investigaci\u00f3n:\n            <\/p>\n            \n            <div class=\"info-text-dark\">\n                <ul>\n                    <li>Impulsar los procesos de generaci\u00f3n, circulaci\u00f3n, validaci\u00f3n y divulgaci\u00f3n del conocimiento que posibilite un pensamiento cr\u00edtico, reflexivo y creativo para intervenir en diversos contextos socio educativos.<\/li>\n                    <li>Alentar la producci\u00f3n de conocimientos sobre la pr\u00e1ctica docente desde un trabajo colaborativo con distintos actores del sistema.<\/li>\n                    <li>Promover la organizaci\u00f3n de espacios y dispositivos tendientes al intercambio, el debate y la divulgaci\u00f3n de los proyectos y las producciones de investigaci\u00f3n.<\/li>\n                <\/ul>\n            <\/div>\n            \n            <h3 class=\"title-block-blue\" style=\"margin-top: 0; margin-bottom: 20px;\">\n                Horario de Atenci\u00f3n y Contacto\n            <\/h3>\n\n            <table class=\"horario-semanal\">\n                <thead>\n                    <tr>\n                        <th>&#x1f4c5; D\u00eda<\/th>\n                        <th>&#x1f552; Turno<\/th>\n                        <th>&#x23f0; Horario<\/th>\n                        <th>&#x1f464; Docente<\/th>\n                    <\/tr>\n                <\/thead>\n                <tbody>\n                    <tr>\n                        <td>LUNES<\/td>\n                        <td><\/td>\n                        <td><\/td>\n                        <td>Prof. Abigail Vera Schneider<\/td>\n                    <\/tr>\n                    <tr>\n                        <td>MARTES<\/td>\n                        <td><\/td>\n                        <td><\/td>\n                        <td><\/td>\n                    <\/tr>\n                    <tr>\n                        <td>MI\u00c9RCOLES<\/td>\n                        <td><\/td>\n                        <td><\/td>\n                        <td><\/td>\n                    <\/tr>\n                    <tr>\n                        <td>JUEVES<\/td>\n                        <td><\/td>\n                        <td><\/td>\n                        <td><\/td>\n                    <\/tr>\n                    <tr>\n                        <td>VIERNES<\/td>\n                        <td><\/td>\n                        <td><\/td>\n                        <td><\/td>\n                    <\/tr>\n                <\/tbody>\n            <\/table>\n            \n            <p class=\"info-text-dark\" style=\"text-align: center; margin-top: 30px;\">\n                Para m\u00e1s informaci\u00f3n, pod\u00e9s escribir a: <a href=\"mailto:------------\" style=\"color: #004080; font-weight: bold; text-decoration: none;\">&#8212;&#8212;&#8212;&#8212;<\/a>\n            <\/p>\n\n            <div class=\"title-block-blue\">\n                Normativa Vigente\n            <\/div>\n\n            <div class=\"document-grid\">\n\n                <div class=\"document-item\">\n                    <a href=\"https:\/\/ifd13-nqn.infd.edu.ar\/sitio\/wp-content\/uploads\/2024\/09\/Dispo-069_13-Invest.pdf\" target=\"_blank\" rel=\"noopener\">\n                        <img decoding=\"async\" src=\"https:\/\/ifd13-nqn.infd.edu.ar\/sitio\/wp-content\/uploads\/2025\/08\/pdf.png\" alt=\"PDF\">\n                        <span>Lineamientos de la Investigaci\u00f3n Educativa &#8211; Disp. 069\/13<\/span>\n                    <\/a>\n                <\/div>\n\n                <div class=\"document-item\">\n                    <a href=\"\/\/ifd13-nqn.infd.edu.ar\/sitio\/wp-content\/uploads\/2024\/09\/Formulario-para-la-presentacion-de-proyectos-de-Investigacion-Educativa-Disp.-069-13-ANEXO.docx\" target=\"_blank\" rel=\"noopener\">\n                        <img decoding=\"async\" src=\"https:\/\/ifd13-nqn.infd.edu.ar\/sitio\/wp-content\/uploads\/2025\/09\/hojaword-500x500-1.png\" alt=\"PDF\">\n                        <span>Formulario para la Presentaci\u00f3n de Proyectos de Investigaci\u00f3n Educativa<\/span>\n                    <\/a>\n                <\/div>\n            <\/div>\n            \n        <\/div>\n    <\/div>\n<\/div>\n<\/html>\n","protected":false},"excerpt":{"rendered":"<p>Secretar\u00eda de Investigaci\u00f3n La Secretar\u00eda de Investigaci\u00f3n es responsable de la coordinaci\u00f3n de la tarea acad\u00e9mica de investigaci\u00f3n, contextualizada en la formaci\u00f3n docente y es parte integrante del Consejo Acad\u00e9mico. Son funciones de la Secretar\u00eda de Investigaci\u00f3n: Impulsar los procesos de generaci\u00f3n, circulaci\u00f3n, validaci\u00f3n y divulgaci\u00f3n del conocimiento que posibilite un pensamiento cr\u00edtico, reflexivo y &#8230; <a title=\"Secretar\u00eda de Investigaci\u00f3n\" class=\"read-more\" href=\"https:\/\/ifd13-nqn.infd.edu.ar\/sitio\/investigacion-2\/\" aria-label=\"More on Secretar\u00eda de Investigaci\u00f3n\">[+]<\/a><\/p>\n","protected":false},"author":1709,"featured_media":0,"parent":0,"menu_order":0,"comment_status":"closed","ping_status":"closed","template":"","meta":[],"acf":[],"_links":{"self":[{"href":"https:\/\/ifd13-nqn.infd.edu.ar\/sitio\/wp-json\/wp\/v2\/pages\/3672"}],"collection":[{"href":"https:\/\/ifd13-nqn.infd.edu.ar\/sitio\/wp-json\/wp\/v2\/pages"}],"about":[{"href":"https:\/\/ifd13-nqn.infd.edu.ar\/sitio\/wp-json\/wp\/v2\/types\/page"}],"author":[{"embeddable":true,"href":"https:\/\/ifd13-nqn.infd.edu.ar\/sitio\/wp-json\/wp\/v2\/users\/1709"}],"replies":[{"embeddable":true,"href":"https:\/\/ifd13-nqn.infd.edu.ar\/sitio\/wp-json\/wp\/v2\/comments?post=3672"}],"version-history":[{"count":5,"href":"https:\/\/ifd13-nqn.infd.edu.ar\/sitio\/wp-json\/wp\/v2\/pages\/3672\/revisions"}],"predecessor-version":[{"id":3684,"href":"https:\/\/ifd13-nqn.infd.edu.ar\/sitio\/wp-json\/wp\/v2\/pages\/3672\/revisions\/3684"}],"wp:attachment":[{"href":"https:\/\/ifd13-nqn.infd.edu.ar\/sitio\/wp-json\/wp\/v2\/media?parent=3672"}],"curies":[{"name":"wp","href":"https:\/\/api.w.org\/{rel}","templated":true}]}}