{"id":3467,"date":"2025-09-27T22:16:56","date_gmt":"2025-09-28T01:16:56","guid":{"rendered":"https:\/\/ifd13-nqn.infd.edu.ar\/sitio\/?page_id=3467"},"modified":"2026-04-14T14:50:26","modified_gmt":"2026-04-14T17:50:26","slug":"profesorado-de-educacion-primaria-pep","status":"publish","type":"page","link":"https:\/\/ifd13-nqn.infd.edu.ar\/sitio\/profesorado-de-educacion-primaria-pep\/","title":{"rendered":"Profesorado de Educaci\u00f3n Primaria (PEP)"},"content":{"rendered":"\n<style>\n  .cabecera-gobierno {\n    background-color: #003366; \n    width: 100%;\n    \/* Reducimos el padding: de un m\u00e1ximo de 100px a 50px *\/\n    padding: clamp(30px, 4vh, 50px) 20px;\n    display: flex;\n    justify-content: center;\n    align-items: center;\n    box-sizing: border-box;\n  }\n\n  .cabecera-gobierno h1 {\n    color: #ffffff !important;\n    text-align: center;\n    margin: 0;\n    font-family: 'Helvetica Neue', Helvetica, Arial, Roboto, sans-serif;\n    font-weight: 800;\n    font-size: clamp(42px, 6vw + 12px, 80px);\n    letter-spacing: -1px;\n    text-shadow: 2px 2px 4px rgba(0,0,0,0.2);\n    line-height: 1; \/* Ajustamos el interlineado para que el bloque sea a\u00fan m\u00e1s compacto *\/\n  }\n\n  .alignfull-gob {\n    margin-left: calc(50% - 50vw);\n    margin-right: calc(50% - 50vw);\n    width: 100vw;\n  }\n<\/style>\n\n<div class=\"cabecera-gobierno alignfull-gob\">\n  <h1>Profesorado de Educaci\u00f3n Primaria<\/h1>\n<\/div>\n\n\n\n<style>\n  .seccion-info-carrera-blanca {\n    padding: 10px 20px;\n    background-color: #ffffff; \n    display: flex;\n    justify-content: center;\n    width: 100%;\n    box-sizing: border-box;\n    font-family: 'Helvetica Neue', Helvetica, Arial, sans-serif;\n  }\n\n  .tarjeta-info-carrera-v2 {\n    background-color: #ffffff;\n    max-width: 1000px;\n    width: 100%;\n    border-radius: 12px;\n    box-shadow: 0 4px 20px rgba(0, 0, 0, 0.08);\n    overflow: hidden;\n    padding: 35px 40px;\n    border: 1px solid #eeeeee;\n    border-top: 6px solid #003366;\n  }\n\n  .titulo-info-carrera-v2 {\n    color: #003366 !important;\n    margin: 0 0 25px 0;\n    font-size: clamp(24px, 2.5vw + 4px, 32px);\n    font-weight: 700;\n    text-transform: uppercase;\n    letter-spacing: 1px;\n    border-bottom: 1px solid #eeeeee;\n    padding-bottom: 15px;\n  }\n\n  .contenedor-datos-v2 {\n    display: flex;\n    flex-direction: column;\n    gap: 25px; \/* Aumentado ligeramente el espacio entre filas *\/\n  }\n\n  .fila-dato-v2 {\n    display: flex;\n    align-items: center;\n    gap: 25px;\n  }\n\n  .icono-dato-v2 {\n    \/* TAMA\u00d1O AGRANDADO *\/\n    font-size: 30px; \n    background: #f4f7f9;\n    color: #003366;\n    width: 60px; \/* De 45px a 60px *\/\n    height: 60px; \/* De 45px a 60px *\/\n    border-radius: 12px;\n    display: flex;\n    align-items: center;\n    justify-content: center;\n    flex-shrink: 0;\n    transition: transform 0.3s ease;\n  }\n\n  .tarjeta-info-carrera-v2:hover .icono-dato-v2 {\n    transform: scale(1.05);\n  }\n\n  .contenido-dato-v2 {\n    display: flex;\n    flex-direction: column;\n  }\n\n  .etiqueta-dato-v2 {\n    color: #003366;\n    font-weight: 800;\n    font-size: 13px;\n    text-transform: uppercase;\n    letter-spacing: 1px;\n    margin-bottom: 4px;\n  }\n\n  .valor-dato-v2 {\n    color: #333333;\n    font-size: clamp(16px, 1.2vw + 12px, 19px);\n    line-height: 1.4;\n    font-weight: 500;\n  }\n\n  @media (max-width: 768px) {\n    .tarjeta-info-carrera-v2 {\n      padding: 25px 20px;\n    }\n    .fila-dato-v2 {\n      gap: 15px;\n    }\n    .icono-dato-v2 {\n      width: 50px;\n      height: 50px;\n      font-size: 24px;\n    }\n  }\n<\/style>\n\n<section class=\"seccion-info-carrera-blanca\">\n  <article class=\"tarjeta-info-carrera-v2\">\n    <h3 class=\"titulo-info-carrera-v2\">Informaci\u00f3n General<\/h3>\n    \n    <div class=\"contenedor-datos-v2\">\n      \n      <div class=\"fila-dato-v2\">\n        <div class=\"icono-dato-v2\">&#x1f393;<\/div>\n        <div class=\"contenido-dato-v2\">\n          <span class=\"etiqueta-dato-v2\">T\u00edtulo<\/span>\n          <span class=\"valor-dato-v2\">Profesor\/a de Educaci\u00f3n Primaria<\/span>\n        <\/div>\n      <\/div>\n\n      <div class=\"fila-dato-v2\">\n        <div class=\"icono-dato-v2\">&#x1f4c5;<\/div>\n        <div class=\"contenido-dato-v2\">\n          <span class=\"etiqueta-dato-v2\">Duraci\u00f3n<\/span>\n          <span class=\"valor-dato-v2\">4 a\u00f1os<\/span>\n        <\/div>\n      <\/div>\n\n      <div class=\"fila-dato-v2\">\n        <div class=\"icono-dato-v2\">&#x1f3eb;<\/div>\n        <div class=\"contenido-dato-v2\">\n          <span class=\"etiqueta-dato-v2\">Modalidad<\/span>\n          <span class=\"valor-dato-v2\">Presencial<\/span>\n        <\/div>\n      <\/div>\n\n    <\/div>\n  <\/article>\n<\/section>\n\n\n\n<style>\n  .seccion-plan-estudios-ajustada {\n    \/* Reducimos el padding inferior de 40px a 20px *\/\n    padding: 10px 20px 20px 20px;\n    background-color: #ffffff; \n    display: flex;\n    justify-content: center;\n    width: 100%;\n    box-sizing: border-box;\n    font-family: 'Helvetica Neue', Helvetica, Arial, sans-serif;\n  }\n\n  .tarjeta-plan-estudios-v3 {\n    background-color: #ffffff;\n    max-width: 1000px;\n    width: 100%;\n    border-radius: 12px;\n    box-shadow: 0 4px 20px rgba(0, 0, 0, 0.08);\n    overflow: hidden;\n    \/* Reducimos el padding inferior interno de la tarjeta *\/\n    padding: 35px 40px 25px 40px;\n    border: 1px solid #eeeeee;\n    border-top: 6px solid #003366;\n  }\n\n  .titulo-plan-estudios-v2 {\n    color: #003366 !important;\n    margin: 0 0 25px 0;\n    font-size: clamp(24px, 2.5vw + 4px, 32px);\n    font-weight: 700;\n    text-transform: uppercase;\n    letter-spacing: 1px;\n    border-bottom: 1px solid #eeeeee;\n    padding-bottom: 15px;\n  }\n\n  .contenedor-enlaces-v2 {\n    display: flex;\n    flex-direction: column;\n    gap: 10px; \/* Reducimos un poco el espacio entre \u00edtems para compactar *\/\n  }\n\n  .enlace-plan-v2 {\n    display: flex;\n    align-items: center;\n    gap: 25px;\n    text-decoration: none !important;\n    padding: 10px;\n    border-radius: 12px;\n    transition: all 0.3s ease;\n  }\n\n  .enlace-plan-v2:hover {\n    background-color: #f8fafc;\n  }\n\n  .icono-plan-v2 {\n    font-size: 28px;\n    background-color: #f4f7f9;\n    color: #003366;\n    width: 60px;\n    height: 60px;\n    border-radius: 50%;\n    display: flex;\n    align-items: center;\n    justify-content: center;\n    flex-shrink: 0;\n    transition: all 0.3s ease;\n  }\n\n  .enlace-plan-v2:hover .icono-plan-v2 {\n    background-color: #003366; \n    color: #ffffff;\n    transform: scale(1.05);\n  }\n\n  .texto-enlace-v2 {\n    color: #333333;\n    font-size: clamp(16px, 1.2vw + 12px, 19px);\n    font-weight: 600;\n    transition: color 0.3s ease;\n  }\n\n  .enlace-plan-v2:hover .texto-enlace-v2 {\n    color: #003366;\n  }\n\n  @media (max-width: 768px) {\n    .tarjeta-plan-estudios-v3 { padding: 25px 20px 15px 20px; }\n    .icono-plan-v2 { width: 55px; height: 55px; font-size: 24px; }\n  }\n<\/style>\n\n<section class=\"seccion-plan-estudios-ajustada\">\n  <article class=\"tarjeta-plan-estudios-v3\">\n    <h3 class=\"titulo-plan-estudios-v2\">Plan de Estudios<\/h3>\n    \n    <div class=\"contenedor-enlaces-v2\">\n      \n      <a href=\"https:\/\/ifd13-nqn.infd.edu.ar\/sitio\/wp-content\/uploads\/2025\/02\/Prof.-Educacion-PRIMARIA-Plan-639.pdf\" class=\"enlace-plan-v2\" target=\"_blank\" rel=\"noopener\">\n        <div class=\"icono-plan-v2\">&#x1f4cb;<\/div>\n        <span class=\"texto-enlace-v2\">Plan de Estudios N\u00b0 639<\/span>\n      <\/a>\n\n      <a href=\"https:\/\/ifd13-nqn.infd.edu.ar\/sitio\/wp-content\/uploads\/2024\/11\/r_0661_14-NUEVO-REGIMEN-DE-CORRELATIVIDADES.pdf\" class=\"enlace-plan-v2\" target=\"_blank\" rel=\"noopener\">\n        <div class=\"icono-plan-v2\">&#x1f517;<\/div>\n        <span class=\"texto-enlace-v2\">R\u00e9gimen de Correlatividades Res. 661\/2014<\/span>\n      <\/a>\n\n<a href=\"https:\/\/ifd13-nqn.infd.edu.ar\/sitio\/wp-content\/uploads\/2024\/11\/Correlatividades-PEP.pdf\" class=\"enlace-plan-v2\" target=\"_blank\" rel=\"noopener\">\n        <div class=\"icono-plan-v2\">&#x1f517;<\/div>\n        <span class=\"texto-enlace-v2\">R\u00e9gimen de Correlatividades Disp. 566\/2019<\/span>\n      <\/a>\n\n    <\/div>\n  <\/article>\n<\/section>\n\n\n\n<style>\n  .seccion-programas-ajustada {\n    padding: 10px 20px 20px 20px;\n    background-color: #ffffff; \n    display: flex;\n    justify-content: center;\n    width: 100%;\n    box-sizing: border-box;\n    font-family: 'Helvetica Neue', Helvetica, Arial, sans-serif;\n  }\n\n  .tarjeta-programas-v1 {\n    background-color: #ffffff;\n    max-width: 1000px;\n    width: 100%;\n    border-radius: 12px;\n    box-shadow: 0 4px 20px rgba(0, 0, 0, 0.08);\n    overflow: hidden;\n    padding: 35px 40px 25px 40px;\n    border: 1px solid #eeeeee;\n    border-top: 6px solid #003366;\n  }\n\n  .titulo-programas-v1 {\n    color: #003366 !important;\n    margin: 0 0 25px 0;\n    font-size: clamp(24px, 2.5vw + 4px, 32px);\n    font-weight: 700;\n    text-transform: uppercase;\n    letter-spacing: 1px;\n    border-bottom: 1px solid #eeeeee;\n    padding-bottom: 15px;\n  }\n\n  .contenedor-enlaces-programas {\n    display: flex;\n    flex-direction: column;\n    gap: 10px;\n  }\n\n  .enlace-programa-item {\n    display: flex;\n    align-items: center;\n    gap: 25px;\n    text-decoration: none !important;\n    padding: 10px;\n    border-radius: 12px;\n    transition: all 0.3s ease;\n  }\n\n  .enlace-programa-item:hover {\n    background-color: #f8fafc;\n  }\n\n  .icono-programa-circulo {\n    font-size: 28px;\n    background-color: #f4f7f9;\n    color: #003366;\n    width: 60px;\n    height: 60px;\n    border-radius: 50%;\n    display: flex;\n    align-items: center;\n    justify-content: center;\n    flex-shrink: 0;\n    transition: all 0.3s ease;\n  }\n\n  .enlace-programa-item:hover .icono-programa-circulo {\n    background-color: #003366; \n    color: #ffffff;\n    transform: scale(1.05);\n  }\n\n  .texto-programa-v1 {\n    color: #333333;\n    font-size: clamp(16px, 1.2vw + 12px, 19px);\n    font-weight: 600;\n    transition: color 0.3s ease;\n  }\n\n  .enlace-programa-item:hover .texto-programa-v1 {\n    color: #003366;\n  }\n\n  @media (max-width: 768px) {\n    .tarjeta-programas-v1 { padding: 25px 20px 15px 20px; }\n    .icono-programa-circulo { width: 55px; height: 55px; font-size: 24px; }\n    .enlace-programa-item { gap: 15px; }\n  }\n<\/style>\n\n<section class=\"seccion-programas-ajustada\">\n  <article class=\"tarjeta-programas-v1\">\n    <h3 class=\"titulo-programas-v1\">Programas<\/h3>\n    \n    <div class=\"contenedor-enlaces-programas\">\n      <a href=\"https:\/\/ifd13-nqn.infd.edu.ar\/sitio\/tronco-comun-2024\/\" class=\"enlace-programa-item\" target=\"_blank\" rel=\"noopener\">\n        <div class=\"icono-programa-circulo\">&#x1f4c2;<\/div>\n        <span class=\"texto-programa-v1\">Tronco Com\u00fan &#8211; 2024<\/span>\n      <\/a>\n      <a href=\"https:\/\/ifd13-nqn.infd.edu.ar\/sitio\/profesorado-de-educacion-primaria-pep-2024\/\" class=\"enlace-programa-item\" target=\"_blank\" rel=\"noopener\">\n        <div class=\"icono-programa-circulo\">&#x1f4c2;<\/div>\n        <span class=\"texto-programa-v1\">Programas 2024<\/span>\n      <\/a>\n\n      <a href=\"https:\/\/ifd13-nqn.infd.edu.ar\/sitio\/profesorado-de-educacion-primaria-pep-2025\/\" class=\"enlace-programa-item\" target=\"_blank\" rel=\"noopener\">\n        <div class=\"icono-programa-circulo\">&#x1f4c2;<\/div>\n        <span class=\"texto-programa-v1\">Programas 2025<\/span>\n      <\/a>\n\n    <\/div>\n  <\/article>\n<\/section>\n","protected":false},"excerpt":{"rendered":"<p>Profesorado de Educaci\u00f3n Primaria Informaci\u00f3n General &#x1f393; T\u00edtulo Profesor\/a de Educaci\u00f3n Primaria &#x1f4c5; Duraci\u00f3n 4 a\u00f1os &#x1f3eb; Modalidad Presencial Plan de Estudios &#x1f4cb; Plan de Estudios N\u00b0 639 &#x1f517; R\u00e9gimen de Correlatividades Res. 661\/2014 &#x1f517; R\u00e9gimen de Correlatividades Disp. 566\/2019 Programas &#x1f4c2; Tronco Com\u00fan &#8211; 2024 &#x1f4c2; Programas 2024 &#x1f4c2; Programas 2025<\/p>\n","protected":false},"author":1709,"featured_media":0,"parent":0,"menu_order":0,"comment_status":"closed","ping_status":"closed","template":"","meta":[],"acf":[],"_links":{"self":[{"href":"https:\/\/ifd13-nqn.infd.edu.ar\/sitio\/wp-json\/wp\/v2\/pages\/3467"}],"collection":[{"href":"https:\/\/ifd13-nqn.infd.edu.ar\/sitio\/wp-json\/wp\/v2\/pages"}],"about":[{"href":"https:\/\/ifd13-nqn.infd.edu.ar\/sitio\/wp-json\/wp\/v2\/types\/page"}],"author":[{"embeddable":true,"href":"https:\/\/ifd13-nqn.infd.edu.ar\/sitio\/wp-json\/wp\/v2\/users\/1709"}],"replies":[{"embeddable":true,"href":"https:\/\/ifd13-nqn.infd.edu.ar\/sitio\/wp-json\/wp\/v2\/comments?post=3467"}],"version-history":[{"count":4,"href":"https:\/\/ifd13-nqn.infd.edu.ar\/sitio\/wp-json\/wp\/v2\/pages\/3467\/revisions"}],"predecessor-version":[{"id":4017,"href":"https:\/\/ifd13-nqn.infd.edu.ar\/sitio\/wp-json\/wp\/v2\/pages\/3467\/revisions\/4017"}],"wp:attachment":[{"href":"https:\/\/ifd13-nqn.infd.edu.ar\/sitio\/wp-json\/wp\/v2\/media?parent=3467"}],"curies":[{"name":"wp","href":"https:\/\/api.w.org\/{rel}","templated":true}]}}