{"id":3354,"date":"2025-09-25T22:53:25","date_gmt":"2025-09-26T01:53:25","guid":{"rendered":"https:\/\/ifd13-nqn.infd.edu.ar\/sitio\/?page_id=3354"},"modified":"2025-10-13T21:29:29","modified_gmt":"2025-10-14T00:29:29","slug":"proyecto-de-extension-2019","status":"publish","type":"page","link":"https:\/\/ifd13-nqn.infd.edu.ar\/sitio\/proyecto-de-extension-2019\/","title":{"rendered":"Proyecto de Extensi\u00f3n &#8211; 2019"},"content":{"rendered":"\n<div style=\"\n  background-color: #004080;\n  color: white;\n  padding: 20px 15px;\n  text-align: center;\n  font-size: 24px;\n  font-weight: bold;\n  border-radius: 5px;\n  line-height: 1.3;\n  word-break: break-word;\n\">\n  Proyectos de Extensi\u00f3n &#8211; 2019\n<\/div>\n\n\n\n<div class=\"extension-card\">\n  <h2><a href=\"#\">\u00abA los ni\u00f1os, por su nombre\u00bb. Desarmando etiquetas en el contexto escolar.<\/a><\/h2>\n  <p><strong>Directores:<\/strong>Lorena Aguilera, Evangelina Del Castillo, Anabella Hormachea, Teresita Iba\u00f1ez y Gabriela Evangelina Fern\u00e1ndez <\/p>\n    <p><strong>Ejes tem\u00e1ticos:<\/strong> <span class=\"tag\">Despatologizaci\u00f3n de la Infancia.<\/span><\/p>\n<\/div>\n\n<div class=\"extension-card\">\n  <h2><a href=\"#\">\u00abAcompa\u00f1ando a los Maestros de Educaci\u00f3n Especial N\u00f3veles Egresados en el a\u00f1o 2018\u00bb.<\/a><\/h2>\n  <p><strong>Directores:<\/strong>Silvana Zurita<\/p>\n    <p><strong>Ejes tem\u00e1ticos:<\/strong> <span class=\"tag\">Acompa\u00f1amiento a docentes n\u00f3veles.<\/span><\/p>\n<\/div>\n\n<div class=\"extension-card\">\n  <h2><a href=\"#\">\u00abC\u00e1tedra Abierta sobre Educaci\u00f3n Sexual Integral desde una perspectiva de g\u00e9nero(s)\u00bb.<\/a><\/h2>\n  <p><strong>Directores:<\/strong>Vanina M\u00e9ndez y Carolina Quiroga<\/p>\n    <p><strong>Ejes tem\u00e1ticos:<\/strong> <span class=\"tag\">Educaci\u00f3n Sexual Integral. Sexualidades. Diversidad sexual, corporal y funcional en el \u00e1mbito escolar.<\/span><\/p>\n<\/div>\n\n<div class=\"extension-card\">\n  <h2><a href=\"#\">\u00abCon\u00f3ceme para ayudarme\u00bb: El universo de la Primera Infancia.<\/a><\/h2>\n  <p><strong>Directores:<\/strong>Jos\u00e9 Mar\u00eda G\u00f3mez y Mar\u00eda Peralta<\/p>\n    <p><strong>Ejes tem\u00e1ticos:<\/strong> <span class=\"tag\">Primera Infancia: la construcci\u00f3n de las subjetividades en relaci\u00f3n al contexto sociocultural, familiar y educativo.<\/span><\/p>\n<\/div>\n\n<div class=\"extension-card\">\n  <h2><a href=\"#\">\u00abDescolonizar-nos&#8230; El desaf\u00edo de construir experiencias educativas otras\u00bb.<\/a><\/h2>\n  <p><strong>Directores:<\/strong>M\u00f3nica Gerez, Teresita Iba\u00f1ez y Facundo M\u00f3naco<\/p>\n    <p><strong>Ejes tem\u00e1ticos:<\/strong> <span class=\"tag\">Modernidad, colonialismo y escuela. Pr\u00e1cticas pedag\u00f3gicas contrahegem\u00f3nicas. Ecolog\u00edas de saberes.<\/span><\/p>\n<\/div>\n\n<div class=\"extension-card\">\n  <h2><a href=\"#\">\u00abEl laberinto de las ciencias\u00bb.<\/a><\/h2>\n  <p><strong>Directores:<\/strong>Renata Farina<\/p>\n    <p><strong>Ejes tem\u00e1ticos:<\/strong> <span class=\"tag\">Club de ciencias.<\/span><\/p>\n<\/div>\n\n<div class=\"extension-card\">\n  <h2><a href=\"#\">\u00abEn busca de estrategias. Articulando la fonoaudiolog\u00eda y el aula de jard\u00edn y primer ciclo\u00bb.<\/a><\/h2>\n  <p><strong>Directores:<\/strong>Vilma Perez<\/p>\n    <p><strong>Ejes tem\u00e1ticos:<\/strong> <span class=\"tag\">El abordaje fonoaudiol\u00f3gico y docente en conjunto dentro del aula.<\/span><\/p>\n<\/div>\n\n<div class=\"extension-card\">\n  <h2><a href=\"#\">\u00abDe menor a mayor: \u00a1Piedra libre a las po\u00e9ticas de autor\/a!\u00bb.<\/a><\/h2>\n  <p><strong>Directores:<\/strong>Cecilia Alaniz<\/p>\n    <p><strong>Ejes tem\u00e1ticos:<\/strong> <span class=\"tag\">Po\u00e9ticas.<\/span><\/p>\n<\/div>\n\n<style>\n.extension-card {\n  border-top: 1px solid #000;\n  border-bottom: 1px solid #000;\n  padding: 1.5rem 1rem;\n  max-width: 900px;\n  margin: 0 auto;\n  font-family: Arial, sans-serif;\n}\n.extension-card h2 {\n  font-size: 1.5rem;\n  font-weight: 700;\n  margin-bottom: 0.5rem;\n}\n.extension-card h2 a {\n  text-decoration: none;\n  color: #000;\n}\n.extension-card h2 a:hover {\n  color: #3182ce;\n}\n.extension-card p {\n  margin: 0.3rem 0;\n  font-size: 1rem;\n  color: #222;\n}\n.extension-card .tag {\n  background: #004080;\n  color: #fff;\n  padding: 0.2rem 0.6rem;\n  border-radius: 20px;\n  font-size: 0.9rem;\n  display: inline-block;\n}\n@media (max-width: 600px) {\n  .extension-card {\n    padding: 1rem;\n  }\n  .extension-card h2 {\n    font-size: 1.25rem;\n  }\n  .extension-card p {\n    font-size: 0.95rem;\n  }\n  .extension-card .tag {\n    font-size: 0.85rem;\n    padding: 0.2rem 0.5rem;\n  }\n}\n<\/style>\n","protected":false},"excerpt":{"rendered":"<p>Proyectos de Extensi\u00f3n &#8211; 2019 \u00abA los ni\u00f1os, por su nombre\u00bb. Desarmando etiquetas en el contexto escolar. Directores:Lorena Aguilera, Evangelina Del Castillo, Anabella Hormachea, Teresita Iba\u00f1ez y Gabriela Evangelina Fern\u00e1ndez Ejes tem\u00e1ticos: Despatologizaci\u00f3n de la Infancia. \u00abAcompa\u00f1ando a los Maestros de Educaci\u00f3n Especial N\u00f3veles Egresados en el a\u00f1o 2018\u00bb. Directores:Silvana Zurita Ejes tem\u00e1ticos: Acompa\u00f1amiento a &#8230; <a title=\"Proyecto de Extensi\u00f3n &#8211; 2019\" class=\"read-more\" href=\"https:\/\/ifd13-nqn.infd.edu.ar\/sitio\/proyecto-de-extension-2019\/\" aria-label=\"More on Proyecto de Extensi\u00f3n &#8211; 2019\">[+]<\/a><\/p>\n","protected":false},"author":1709,"featured_media":0,"parent":0,"menu_order":0,"comment_status":"closed","ping_status":"closed","template":"","meta":[],"acf":[],"_links":{"self":[{"href":"https:\/\/ifd13-nqn.infd.edu.ar\/sitio\/wp-json\/wp\/v2\/pages\/3354"}],"collection":[{"href":"https:\/\/ifd13-nqn.infd.edu.ar\/sitio\/wp-json\/wp\/v2\/pages"}],"about":[{"href":"https:\/\/ifd13-nqn.infd.edu.ar\/sitio\/wp-json\/wp\/v2\/types\/page"}],"author":[{"embeddable":true,"href":"https:\/\/ifd13-nqn.infd.edu.ar\/sitio\/wp-json\/wp\/v2\/users\/1709"}],"replies":[{"embeddable":true,"href":"https:\/\/ifd13-nqn.infd.edu.ar\/sitio\/wp-json\/wp\/v2\/comments?post=3354"}],"version-history":[{"count":2,"href":"https:\/\/ifd13-nqn.infd.edu.ar\/sitio\/wp-json\/wp\/v2\/pages\/3354\/revisions"}],"predecessor-version":[{"id":3554,"href":"https:\/\/ifd13-nqn.infd.edu.ar\/sitio\/wp-json\/wp\/v2\/pages\/3354\/revisions\/3554"}],"wp:attachment":[{"href":"https:\/\/ifd13-nqn.infd.edu.ar\/sitio\/wp-json\/wp\/v2\/media?parent=3354"}],"curies":[{"name":"wp","href":"https:\/\/api.w.org\/{rel}","templated":true}]}}